{"id":324,"date":"2025-02-13T15:48:21","date_gmt":"2025-02-13T15:48:21","guid":{"rendered":"https:\/\/srv21004.omansrv21.omanbros.com\/privacy-policy\/"},"modified":"2025-03-19T08:54:39","modified_gmt":"2025-03-19T08:54:39","slug":"privacy-policy","status":"publish","type":"page","link":"https:\/\/www.stelldichein.at\/en\/privacy-policy\/","title":{"rendered":"Privacy Policy"},"content":{"rendered":"\t\t<div data-elementor-type=\"wp-page\" data-elementor-id=\"324\" class=\"elementor elementor-324 elementor-3\" data-elementor-post-type=\"page\">\n\t\t\t\t<div class=\"elementor-element elementor-element-5394b1d e-flex e-con-boxed e-con e-parent\" data-id=\"5394b1d\" data-element_type=\"container\" data-e-type=\"container\" data-settings=\"{&quot;background_background&quot;:&quot;classic&quot;}\">\n\t\t\t\t\t<div class=\"e-con-inner\">\n\t\t<div class=\"elementor-element elementor-element-a1f1890 e-con-full e-flex e-con e-child\" data-id=\"a1f1890\" data-element_type=\"container\" data-e-type=\"container\" data-settings=\"{&quot;background_background&quot;:&quot;classic&quot;}\">\n\t\t\t\t<div class=\"elementor-element elementor-element-a935e4b elementor-widget elementor-widget-heading\" data-id=\"a935e4b\" data-element_type=\"widget\" data-e-type=\"widget\" data-widget_type=\"heading.default\">\n\t\t\t\t<div class=\"elementor-widget-container\">\n\t\t\t\t\t<h2 class=\"elementor-heading-title elementor-size-default\">Privacy Policy<\/h2>\t\t\t\t<\/div>\n\t\t\t\t<\/div>\n\t\t<div class=\"elementor-element elementor-element-e8ad65c e-con-full e-flex e-con e-child\" data-id=\"e8ad65c\" data-element_type=\"container\" data-e-type=\"container\">\n\t\t\t\t<div class=\"elementor-element elementor-element-7effc47 elementor-widget elementor-widget-text-editor\" data-id=\"7effc47\" data-element_type=\"widget\" data-e-type=\"widget\" data-widget_type=\"text-editor.default\">\n\t\t\t\t<div class=\"elementor-widget-container\">\n\t\t\t\t\t\t\t\t\t<p>Personenbezogene Daten (nachfolgend zumeist nur \u201eDaten\u201c genannt) werden von uns nur im Rahmen der Erforderlichkeit sowie zum Zwecke der Bereitstellung eines funktionsf\u00e4higen und nutzerfreundlichen Internetauftritts, inklusive seiner Inhalte und der dort angebotenen Leistungen, verarbeitet.<\/p><p>Gem\u00e4\u00df <a title=\"Art. 4 DSGVO: Begriffsbestimmungen\" href=\"http:\/\/dejure.org\/gesetze\/DSGVO\/4.html\" target=\"_blank\" rel=\"noopener\">Art. 4 Ziffer 1<\/a>. der Verordnung (EU) 2016\/679, also der Datenschutz-Grundverordnung (nachfolgend nur \u201eDSGVO\u201c genannt), gilt als \u201eVerarbeitung\u201c jeder mit oder ohne Hilfe automatisierter Verfahren ausgef\u00fchrter Vorgang oder jede solche Vorgangsreihe im Zusammenhang mit personenbezogenen Daten, wie das Erheben, das Erfassen, die Organisation, das Ordnen, die Speicherung, die Anpassung oder Ver\u00e4nderung, das Auslesen, das Abfragen, die Verwendung, die Offenlegung durch \u00dcbermittlung, Verbreitung oder eine andere Form der Bereitstellung, den Abgleich oder die Verkn\u00fcpfung, die Einschr\u00e4nkung, das L\u00f6schen oder die Vernichtung. <\/p><p>Mit der nachfolgenden Datenschutzerkl\u00e4rung informieren wir Sie insbesondere \u00fcber Art, Umfang, Zweck, Dauer und Rechtsgrundlage der Verarbeitung personenbezogener Daten, soweit wir entweder allein oder gemeinsam mit anderen \u00fcber die Zwecke und Mittel der Verarbeitung entscheiden. Zudem informieren wir Sie nachfolgend \u00fcber die von uns zu Optimierungszwecken sowie zur Steigerung der Nutzungsqualit\u00e4t eingesetzten Fremdkomponenten, soweit hierdurch Dritte Daten in wiederum eigener Verantwortung verarbeiten. <\/p><p>Unsere Datenschutzerkl\u00e4rung ist wie folgt gegliedert:<\/p><p>I. Informationen \u00fcber uns als Verantwortliche<br>II. Rechte der Nutzer und Betroffenen<br>III. Informationen zur Datenverarbeitung<\/p><h3 class=\"wp-block-heading\">I. Informationen \u00fcber uns als Verantwortliche<\/h3><p>Verantwortlicher Anbieter dieses Internetauftritts im datenschutzrechtlichen Sinne ist:<\/p><p>[Firma]<br>[Vorname, Nachname]<br>[Stra\u00dfe, Hausnummer]<br>[Postleitzahl, Ort]<\/p><p>Telefon: [Telefonnummer]<br>Telefax: [Faxnummer]<br>E-Mail: [E-Mail]<\/p><h3 class=\"wp-block-heading\">II. Rechte der Nutzer und Betroffenen<\/h3><p>Mit Blick auf die nachfolgend noch n\u00e4her beschriebene Datenverarbeitung haben die Nutzer und Betroffenen das Recht<\/p><ul class=\"wp-block-list\"><li>auf Best\u00e4tigung, ob sie betreffende Daten verarbeitet werden, auf Auskunft \u00fcber die verarbeiteten Daten, auf weitere Informationen \u00fcber die Datenverarbeitung sowie auf Kopien der Daten (vgl. auch <a title=\"Art. 15 DSGVO: Auskunftsrecht der betroffenen Person\" href=\"http:\/\/dejure.org\/gesetze\/DSGVO\/15.html\" target=\"_blank\" rel=\"noopener\">Art. 15 DSGVO<\/a>); <\/li><li>to rectification or completion of incorrect or incomplete data (see also <a title=\"Art. 16 DSGVO: Recht auf Berichtigung\" href=\"http:\/\/dejure.org\/gesetze\/DSGVO\/16.html\" target=\"_blank\" rel=\"noopener\">Art. 16 GDPR<\/a>); <\/li><li>auf unverz\u00fcgliche L\u00f6schung der sie betreffenden Daten (vgl. auch <a title=\"Art. 17 DSGVO: Recht auf L\u00f6schung (\"Recht auf Vergessenwerden\")\" href=\"http:\/\/dejure.org\/gesetze\/DSGVO\/17.html\" target=\"_blank\" rel=\"noopener\">Art. 17 DSGVO<\/a>), oder, alternativ, soweit eine weitere Verarbeitung gem\u00e4\u00df  <a title=\"Art. 17 DSGVO: Recht auf L\u00f6schung (\"Recht auf Vergessenwerden\")\" href=\"http:\/\/dejure.org\/gesetze\/DSGVO\/17.html\" target=\"_blank\" rel=\"noopener\">Art. 17 Abs. 3 DSGVO <\/a> erforderlich ist, auf Einschr\u00e4nkung der Verarbeitung nach Ma\u00dfgabe von <a title=\"Art. 18 DSGVO: Recht auf Einschr\u00e4nkung der Verarbeitung\" href=\"http:\/\/dejure.org\/gesetze\/DSGVO\/18.html\" target=\"_blank\" rel=\"noopener\">Art. 18 DSGVO<\/a>;<\/li><li>auf Erhalt der sie betreffenden und von ihnen bereitgestellten Daten und auf \u00dcbermittlung dieser Daten an andere Anbieter\/Verantwortliche (vgl. auch <a title=\"Art. 20 DSGVO: Recht auf Daten\u00fcbertragbarkeit\" href=\"http:\/\/dejure.org\/gesetze\/DSGVO\/20.html\" target=\"_blank\" rel=\"noopener\">Art. 20 DSGVO<\/a>); <\/li><li>auf Beschwerde gegen\u00fcber der Aufsichtsbeh\u00f6rde, sofern sie der Ansicht sind, dass die sie betreffenden Daten durch den Anbieter unter Versto\u00df gegen datenschutzrechtliche Bestimmungen verarbeitet werden (vgl. auch <a title=\"Art. 77 DSGVO: Recht auf Beschwerde bei einer Aufsichtsbeh\u00f6rde\" href=\"http:\/\/dejure.org\/gesetze\/DSGVO\/77.html\" target=\"_blank\" rel=\"noopener\">Art. 77 DSGVO<\/a>). <\/li><\/ul><p>Dar\u00fcber hinaus ist der Anbieter dazu verpflichtet, alle Empf\u00e4nger, denen gegen\u00fcber Daten durch den Anbieter offengelegt worden sind, \u00fcber jedwede Berichtigung oder L\u00f6schung von Daten oder die Einschr\u00e4nkung der Verarbeitung, die aufgrund der <a title=\"Art. 16 DSGVO: Recht auf Berichtigung\" href=\"http:\/\/dejure.org\/gesetze\/DSGVO\/16.html\" target=\"_blank\" rel=\"noopener\">Artikel 16<\/a>, <a title=\"Art. 17 DSGVO: Recht auf L\u00f6schung (\"Recht auf Vergessenwerden\")\" href=\"http:\/\/dejure.org\/gesetze\/DSGVO\/17.html\" target=\"_blank\" rel=\"noopener\">17 Abs. 1<\/a>, <a title=\"Art. 18 DSGVO: Recht auf Einschr\u00e4nkung der Verarbeitung\" href=\"http:\/\/dejure.org\/gesetze\/DSGVO\/18.html\" target=\"_blank\" rel=\"noopener\">18 DSGVO<\/a> erfolgt, zu unterrichten. Diese Verpflichtung besteht jedoch nicht, soweit diese Mitteilung unm\u00f6glich oder mit einem unverh\u00e4ltnism\u00e4\u00dfigen Aufwand verbunden ist. Unbeschadet dessen hat der Nutzer ein Recht auf Auskunft \u00fcber diese Empf\u00e4nger.  <\/p><p><strong>Ebenfalls haben die Nutzer und Betroffenen nach <a title=\"Art. 21 DSGVO: Widerspruchsrecht\" href=\"http:\/\/dejure.org\/gesetze\/DSGVO\/21.html\" target=\"_blank\" rel=\"noopener\">Art. 21 DSGVO<\/a> das Recht auf Widerspruch gegen die k\u00fcnftige Verarbeitung der sie betreffenden Daten, sofern die Daten durch den Anbieter nach Ma\u00dfgabe von <a title=\"Art. 6 DSGVO: Rechtm\u00e4\u00dfigkeit der Verarbeitung\" href=\"http:\/\/dejure.org\/gesetze\/DSGVO\/6.html\" target=\"_blank\" rel=\"noopener\">Art. 6 Abs. 1 lit. f) DSGVO  <\/a> verarbeitet werden. Insbesondere ist ein Widerspruch gegen die Datenverarbeitung zum Zwecke der Direktwerbung statthaft. <\/strong><\/p><h3 class=\"wp-block-heading\">III. Informationen zur Datenverarbeitung<\/h3><p>Ihre bei Nutzung unseres Internetauftritts verarbeiteten Daten werden gel\u00f6scht oder gesperrt, sobald der Zweck der Speicherung entf\u00e4llt, der L\u00f6schung der Daten keine gesetzlichen Aufbewahrungspflichten entgegenstehen und nachfolgend keine anderslautenden Angaben zu einzelnen Verarbeitungsverfahren gemacht werden.<\/p><h4 class=\"jet-listing-dynamic-field__content\">Kontaktanfragen \/ Kontaktm\u00f6glichkeit<\/h4><p>Sofern Sie per Kontaktformular oder E-Mail mit uns in Kontakt treten, werden die dabei von Ihnen angegebenen Daten zur Bearbeitung Ihrer Anfrage genutzt. Die Angabe der Daten ist zur Bearbeitung und Beantwortung Ihre Anfrage erforderlich \u2013 ohne deren Bereitstellung k\u00f6nnen wir Ihre Anfrage nicht oder allenfalls eingeschr\u00e4nkt beantworten. <\/p><p>Rechtsgrundlage f\u00fcr diese Verarbeitung ist <a title=\"Art. 6 DSGVO: Rechtm\u00e4\u00dfigkeit der Verarbeitung\" href=\"http:\/\/dejure.org\/gesetze\/DSGVO\/6.html\" target=\"_blank\" rel=\"noopener\">Art. 6 Abs. 1 lit. b) DSGVO  <\/a>.<\/p><p>Ihre Daten werden gel\u00f6scht, sofern Ihre Anfrage abschlie\u00dfend beantwortet worden ist und der L\u00f6schung keine gesetzlichen Aufbewahrungspflichten entgegenstehen, wie bspw. bei einer sich etwaig anschlie\u00dfenden Vertragsabwicklung. <\/p><h4 class=\"jet-listing-dynamic-field__content\">Serverdaten<\/h4><p>Aus technischen Gr\u00fcnden, insbesondere zur Gew\u00e4hrleistung eines sicheren und stabilen Internetauftritts, werden Daten durch Ihren Internet-Browser an uns bzw. an unseren Webspace-Provider \u00fcbermittelt. Mit diesen sog. Server-Logfiles werden u.a. Typ und Version Ihres Internetbrowsers, das Betriebssystem, die Website, von der aus Sie auf unseren Internetauftritt gewechselt haben (Referrer URL), die Website(s) unseres Internetauftritts, die Sie besuchen, Datum und Uhrzeit des jeweiligen Zugriffs sowie die IP-Adresse des Internetanschlusses, von dem aus die Nutzung unseres Internetauftritts erfolgt, erhoben. <\/p><p>Diese so erhobenen Daten werden vorr\u00fcbergehend gespeichert, dies jedoch nicht gemeinsam mit anderen Daten von Ihnen.<\/p><p>Diese Speicherung erfolgt auf der Rechtsgrundlage von <a title=\"Art. 6 DSGVO: Rechtm\u00e4\u00dfigkeit der Verarbeitung\" href=\"http:\/\/dejure.org\/gesetze\/DSGVO\/6.html\" target=\"_blank\" rel=\"noopener\">Art. 6 Abs. 1 lit. f) DSGVO  <\/a>. Unser berechtigtes Interesse liegt in der Verbesserung, Stabilit\u00e4t, Funktionalit\u00e4t und Sicherheit unseres Internetauftritts. <\/p><p>Die Daten werden sp\u00e4testens nach sieben Tage wieder gel\u00f6scht, soweit keine weitere Aufbewahrung zu Beweiszwecken erforderlich ist. Andernfalls sind die Daten bis zur endg\u00fcltigen Kl\u00e4rung eines Vorfalls ganz oder teilweise von der L\u00f6schung ausgenommen. <\/p><h4 class=\"jet-listing-dynamic-field__content\">Allgemeine Verlinkung auf Profile bei Drittanbietern<\/h4><p>Der Anbieter setzt auf der Website eine Verlinkung auf die nachstehend aufgef\u00fchrten sozialen Netzwerke ein.<\/p><p>Rechtsgrundlage ist hierbei <a title=\"Art. 6 DSGVO: Rechtm\u00e4\u00dfigkeit der Verarbeitung\" href=\"http:\/\/dejure.org\/gesetze\/DSGVO\/6.html\" target=\"_blank\" rel=\"noopener\">Art. 6 Abs. 1 lit. f DSGVO  <\/a>. Das berechtigte Interesse des Anbieters besteht an der Verbesserung der Nutzungsqualit\u00e4t der Website. <\/p><p>Die Einbindung der Plugins erfolgt dabei \u00fcber eine verlinkte Grafik. Erst durch einen Klick auf die entsprechende Grafik wird der Nutzer zu dem Dienst des jeweiligen sozialen Netzwerks weitergeleitet. <\/p><p>Nach der Weiterleitung des Kunden werden durch das jeweilige Netzwerk Informationen \u00fcber den Nutzer erfasst. Dies sind zun\u00e4chst Daten wie IP-Adresse, Datum, Uhrzeit und besuchte Seite. Ist der Nutzer w\u00e4hrenddessen in seinem Benutzerkonto des jeweiligen Netzwerks eingeloggt, kann der Netzwerk-Betreiber ggf. die gesammelten Informationen des konkreten Besuches des Nutzers dem pers\u00f6nlichen Account des Nutzers zuordnen. Interagiert der Nutzer \u00fcber einen \u201eTeilen\u201c-Button des jeweiligen Netzwerks, k\u00f6nnen diese Informationen in dem pers\u00f6nlichen Benutzerkonto des Nutzers gespeichert und ggf. ver\u00f6ffentlicht werden. Will der Nutzer verhindern, dass die gesammelten Informationen unmittelbar seinem Benutzerkonto zugeordnet werden, muss sich der Nutzer vor dem Anklicken der Grafik ausloggen. Zudem besteht die M\u00f6glichkeit, das jeweilige Benutzerkonto entsprechend zu konfigurieren.     <\/p><p>Folgende soziale Netzwerke sind vom Anbieter verlinkt:<\/p><h4 class=\"jet-listing-dynamic-field__content\">facebook<\/h4><p>Meta Platforms Ireland Limited, 4 Grand Canal Square, Dublin 2, Irland.<\/p><p>Datenschutzerkl\u00e4rung: <a href=\"https:\/\/www.facebook.com\/policy.php\" target=\"_blank\" rel=\"nofollow noopener\">https:\/\/www.facebook.com\/policy.php<\/a><\/p><h4 class=\"jet-listing-dynamic-field__content\">Instagram<\/h4><p>Meta Platforms Ireland Limited, 4 Grand Canal Square, Dublin 2, Irland.<\/p><p>Datenschutzerkl\u00e4rung: <a href=\"https:\/\/help.instagram.com\/519522125107875\" target=\"_blank\" rel=\"nofollow noopener\">https:\/\/help.instagram.com\/519522125107875<\/a><\/p><h4 class=\"jet-listing-dynamic-field__content\">Google-Maps<\/h4><p>In unserem Internetauftritt setzen wir Google Maps zur Darstellung unseres Standorts sowie zur Erstellung einer Anfahrtsbeschreibung ein. Es handelt sich hierbei um einen Dienst der Google Ireland Limited, Gordon House, Barrow Street, Dublin 4, Irland, nachfolgend nur \u201eGoogle\u201c genannt. <\/p><p>Sofern Sie die in unseren Internetauftritt eingebundene Komponente Google Maps aufrufen, speichert Google \u00fcber Ihren Internet-Browser ein Cookie auf Ihrem Endger\u00e4t. Um unseren Standort anzuzeigen und eine Anfahrtsbeschreibung zu erstellen, werden Ihre Nutzereinstellungen und -daten verarbeitet. Hierbei k\u00f6nnen wir nicht ausschlie\u00dfen, dass Google Server in den USA einsetzt.  <\/p><p>Im Falle einer von Ihnen erteilten Einwilligung f\u00fcr diese Verarbeitung ist Rechtsgrundlage <a title=\"Art. 6 DSGVO: Rechtm\u00e4\u00dfigkeit der Verarbeitung\" href=\"http:\/\/dejure.org\/gesetze\/DSGVO\/6.html\" target=\"_blank\" rel=\"noopener\">Art. 6 Abs. 1 lit. a DSGVO  <\/a>. Rechtsgrundlage kann auch  <a title=\"Art. 6 DSGVO: Rechtm\u00e4\u00dfigkeit der Verarbeitung\" href=\"http:\/\/dejure.org\/gesetze\/DSGVO\/6.html\" target=\"_blank\" rel=\"noopener\">Art. 6 Abs. 1 lit. f DSGVO  <\/a> sein. Unser berechtigtes Interesse liegt in der Optimierung der Funktionalit\u00e4t unseres Internetauftritts. <\/p><p>Durch die so hergestellte Verbindung zu Google kann Google ermitteln, von welcher Website Ihre Anfrage gesendet worden ist und an welche IP-Adresse die Anfahrtsbeschreibung zu \u00fcbermitteln ist.<\/p><p>Sofern Sie mit dieser Verarbeitung nicht einverstanden sind, haben Sie die M\u00f6glichkeit, die Installation der Cookies durch die entsprechenden Einstellungen in Ihrem Internet-Browser zu verhindern. Einzelheiten hierzu finden Sie vorstehend unter dem Punkt \u201eCookies\u201c. <\/p><p>Zudem erfolgt die Nutzung von Google Maps sowie der \u00fcber Google Maps erlangten Informationen nach den <a href=\"https:\/\/policies.google.com\/terms?gl=DE&amp;hl=de\" target=\"_blank\" rel=\"nofollow noopener\">Google-Nutzungsbedingungen<\/a> und den <a href=\"https:\/\/www.google.com\/intl\/de_de\/help\/terms_maps.html\" target=\"_blank\" rel=\"nofollow noopener\">Gesch\u00e4ftsbedingungen f\u00fcr Google Maps<\/a> .<\/p><p>\u00dcberdies bietet Google unter <a href=\"https:\/\/adssettings.google.com\/authenticated\" target=\"_blank\" rel=\"nofollow noopener\">Adsettings<\/a> <a href=\"https:\/\/policies.google.com\/privacy\" target=\"_blank\" rel=\"nofollow noopener\">Google Policies<\/a> weitergehende Informationen an.<\/p><p><a href=\"https:\/\/www.xn--generator-datenschutzerklrung-pqc.de\/\" target=\"_blank\" rel=\"noopener\">Muster-Datenschutzerkl\u00e4rung<\/a> der <a href=\"https:\/\/www.xn--bewertung-lschen24-n3b.de\/\" target=\"_blank\" rel=\"nofollow noopener\">Anwaltskanzlei Wei\u00df &amp; Partner<\/a><\/p>\t\t\t\t\t\t\t\t<\/div>\n\t\t\t\t<\/div>\n\t\t\t\t<\/div>\n\t\t\t\t<\/div>\n\t\t\t\t\t<\/div>\n\t\t\t\t<\/div>\n\t\t\t\t<\/div>\n\t\t","protected":false},"excerpt":{"rendered":"<p>Privacy Policy Personenbezogene Daten (nachfolgend zumeist nur \u201eDaten\u201c genannt) werden von uns nur im Rahmen der Erforderlichkeit sowie zum Zwecke der Bereitstellung eines funktionsf\u00e4higen und nutzerfreundlichen Internetauftritts, inklusive seiner Inhalte und der dort angebotenen Leistungen, verarbeitet. Gem\u00e4\u00df Art. 4 Ziffer 1. der Verordnung (EU) 2016\/679, also der Datenschutz-Grundverordnung (nachfolgend nur \u201eDSGVO\u201c genannt), gilt als \u201eVerarbeitung\u201c [&hellip;]<\/p>\n","protected":false},"author":1,"featured_media":0,"parent":0,"menu_order":0,"comment_status":"closed","ping_status":"closed","template":"","meta":{"footnotes":""},"class_list":["post-324","page","type-page","status-publish","hentry"],"yoast_head":"<!-- This site is optimized with the Yoast SEO plugin v27.1.1 - https:\/\/yoast.com\/product\/yoast-seo-wordpress\/ -->\n<title>Privacy Policy - Stelldichein Meierei im Volksgarten<\/title>\n<meta name=\"robots\" content=\"index, follow, max-snippet:-1, max-image-preview:large, max-video-preview:-1\" \/>\n<link rel=\"canonical\" href=\"https:\/\/www.stelldichein.at\/datenschutz\/\" \/>\n<meta property=\"og:locale\" content=\"en_US\" \/>\n<meta property=\"og:type\" content=\"article\" \/>\n<meta property=\"og:title\" content=\"Privacy Policy - Stelldichein Meierei im Volksgarten\" \/>\n<meta property=\"og:description\" content=\"Privacy Policy Personenbezogene Daten (nachfolgend zumeist nur \u201eDaten\u201c genannt) werden von uns nur im Rahmen der Erforderlichkeit sowie zum Zwecke der Bereitstellung eines funktionsf\u00e4higen und nutzerfreundlichen Internetauftritts, inklusive seiner Inhalte und der dort angebotenen Leistungen, verarbeitet. Gem\u00e4\u00df Art. 4 Ziffer 1. der Verordnung (EU) 2016\/679, also der Datenschutz-Grundverordnung (nachfolgend nur \u201eDSGVO\u201c genannt), gilt als \u201eVerarbeitung\u201c [&hellip;]\" \/>\n<meta property=\"og:url\" content=\"https:\/\/www.stelldichein.at\/datenschutz\/\" \/>\n<meta property=\"og:site_name\" content=\"Stelldichein Meierei im Volksgarten\" \/>\n<meta property=\"article:modified_time\" content=\"2025-03-19T08:54:39+00:00\" \/>\n<meta name=\"twitter:card\" content=\"summary_large_image\" \/>\n<meta name=\"twitter:label1\" content=\"Est. reading time\" \/>\n\t<meta name=\"twitter:data1\" content=\"6 minutes\" \/>\n<script type=\"application\/ld+json\" class=\"yoast-schema-graph\">{\"@context\":\"https:\/\/schema.org\",\"@graph\":[{\"@type\":\"WebPage\",\"@id\":\"https:\/\/www.stelldichein.at\/datenschutz\/\",\"url\":\"https:\/\/www.stelldichein.at\/datenschutz\/\",\"name\":\"Privacy Policy - Stelldichein Meierei im Volksgarten\",\"isPartOf\":{\"@id\":\"https:\/\/www.stelldichein.at\/#website\"},\"datePublished\":\"2025-02-13T15:48:21+00:00\",\"dateModified\":\"2025-03-19T08:54:39+00:00\",\"breadcrumb\":{\"@id\":\"https:\/\/www.stelldichein.at\/datenschutz\/#breadcrumb\"},\"inLanguage\":\"en-US\",\"potentialAction\":[{\"@type\":\"ReadAction\",\"target\":[\"https:\/\/www.stelldichein.at\/datenschutz\/\"]}]},{\"@type\":\"BreadcrumbList\",\"@id\":\"https:\/\/www.stelldichein.at\/datenschutz\/#breadcrumb\",\"itemListElement\":[{\"@type\":\"ListItem\",\"position\":1,\"name\":\"Startseite\",\"item\":\"https:\/\/www.stelldichein.at\/en\/home\/\"},{\"@type\":\"ListItem\",\"position\":2,\"name\":\"Privacy Policy\"}]},{\"@type\":\"WebSite\",\"@id\":\"https:\/\/www.stelldichein.at\/#website\",\"url\":\"https:\/\/www.stelldichein.at\/\",\"name\":\"Stelldichein Meierei im Volksgarten\",\"description\":\"\",\"publisher\":{\"@id\":\"https:\/\/www.stelldichein.at\/#organization\"},\"potentialAction\":[{\"@type\":\"SearchAction\",\"target\":{\"@type\":\"EntryPoint\",\"urlTemplate\":\"https:\/\/www.stelldichein.at\/?s={search_term_string}\"},\"query-input\":{\"@type\":\"PropertyValueSpecification\",\"valueRequired\":true,\"valueName\":\"search_term_string\"}}],\"inLanguage\":\"en-US\"},{\"@type\":\"Organization\",\"@id\":\"https:\/\/www.stelldichein.at\/#organization\",\"name\":\"Stelldichein Meierei im Volksgarten\",\"url\":\"https:\/\/www.stelldichein.at\/\",\"logo\":{\"@type\":\"ImageObject\",\"inLanguage\":\"en-US\",\"@id\":\"https:\/\/www.stelldichein.at\/#\/schema\/logo\/image\/\",\"url\":\"https:\/\/www.stelldichein.at\/wp-content\/uploads\/2025\/02\/logo_98f1d72827.svg\",\"contentUrl\":\"https:\/\/www.stelldichein.at\/wp-content\/uploads\/2025\/02\/logo_98f1d72827.svg\",\"caption\":\"Stelldichein Meierei im Volksgarten\"},\"image\":{\"@id\":\"https:\/\/www.stelldichein.at\/#\/schema\/logo\/image\/\"}}]}<\/script>\n<!-- \/ Yoast SEO plugin. -->","yoast_head_json":{"title":"Privacy Policy - Stelldichein Meierei im Volksgarten","robots":{"index":"index","follow":"follow","max-snippet":"max-snippet:-1","max-image-preview":"max-image-preview:large","max-video-preview":"max-video-preview:-1"},"canonical":"https:\/\/www.stelldichein.at\/datenschutz\/","og_locale":"en_US","og_type":"article","og_title":"Privacy Policy - Stelldichein Meierei im Volksgarten","og_description":"Privacy Policy Personenbezogene Daten (nachfolgend zumeist nur \u201eDaten\u201c genannt) werden von uns nur im Rahmen der Erforderlichkeit sowie zum Zwecke der Bereitstellung eines funktionsf\u00e4higen und nutzerfreundlichen Internetauftritts, inklusive seiner Inhalte und der dort angebotenen Leistungen, verarbeitet. Gem\u00e4\u00df Art. 4 Ziffer 1. der Verordnung (EU) 2016\/679, also der Datenschutz-Grundverordnung (nachfolgend nur \u201eDSGVO\u201c genannt), gilt als \u201eVerarbeitung\u201c [&hellip;]","og_url":"https:\/\/www.stelldichein.at\/datenschutz\/","og_site_name":"Stelldichein Meierei im Volksgarten","article_modified_time":"2025-03-19T08:54:39+00:00","twitter_card":"summary_large_image","twitter_misc":{"Est. reading time":"6 minutes"},"schema":{"@context":"https:\/\/schema.org","@graph":[{"@type":"WebPage","@id":"https:\/\/www.stelldichein.at\/datenschutz\/","url":"https:\/\/www.stelldichein.at\/datenschutz\/","name":"Privacy Policy - Stelldichein Meierei im Volksgarten","isPartOf":{"@id":"https:\/\/www.stelldichein.at\/#website"},"datePublished":"2025-02-13T15:48:21+00:00","dateModified":"2025-03-19T08:54:39+00:00","breadcrumb":{"@id":"https:\/\/www.stelldichein.at\/datenschutz\/#breadcrumb"},"inLanguage":"en-US","potentialAction":[{"@type":"ReadAction","target":["https:\/\/www.stelldichein.at\/datenschutz\/"]}]},{"@type":"BreadcrumbList","@id":"https:\/\/www.stelldichein.at\/datenschutz\/#breadcrumb","itemListElement":[{"@type":"ListItem","position":1,"name":"Startseite","item":"https:\/\/www.stelldichein.at\/en\/home\/"},{"@type":"ListItem","position":2,"name":"Privacy Policy"}]},{"@type":"WebSite","@id":"https:\/\/www.stelldichein.at\/#website","url":"https:\/\/www.stelldichein.at\/","name":"Stelldichein Meierei im Volksgarten","description":"","publisher":{"@id":"https:\/\/www.stelldichein.at\/#organization"},"potentialAction":[{"@type":"SearchAction","target":{"@type":"EntryPoint","urlTemplate":"https:\/\/www.stelldichein.at\/?s={search_term_string}"},"query-input":{"@type":"PropertyValueSpecification","valueRequired":true,"valueName":"search_term_string"}}],"inLanguage":"en-US"},{"@type":"Organization","@id":"https:\/\/www.stelldichein.at\/#organization","name":"Stelldichein Meierei im Volksgarten","url":"https:\/\/www.stelldichein.at\/","logo":{"@type":"ImageObject","inLanguage":"en-US","@id":"https:\/\/www.stelldichein.at\/#\/schema\/logo\/image\/","url":"https:\/\/www.stelldichein.at\/wp-content\/uploads\/2025\/02\/logo_98f1d72827.svg","contentUrl":"https:\/\/www.stelldichein.at\/wp-content\/uploads\/2025\/02\/logo_98f1d72827.svg","caption":"Stelldichein Meierei im Volksgarten"},"image":{"@id":"https:\/\/www.stelldichein.at\/#\/schema\/logo\/image\/"}}]}},"_links":{"self":[{"href":"https:\/\/www.stelldichein.at\/en\/wp-json\/wp\/v2\/pages\/324","targetHints":{"allow":["GET"]}}],"collection":[{"href":"https:\/\/www.stelldichein.at\/en\/wp-json\/wp\/v2\/pages"}],"about":[{"href":"https:\/\/www.stelldichein.at\/en\/wp-json\/wp\/v2\/types\/page"}],"author":[{"embeddable":true,"href":"https:\/\/www.stelldichein.at\/en\/wp-json\/wp\/v2\/users\/1"}],"replies":[{"embeddable":true,"href":"https:\/\/www.stelldichein.at\/en\/wp-json\/wp\/v2\/comments?post=324"}],"version-history":[{"count":2,"href":"https:\/\/www.stelldichein.at\/en\/wp-json\/wp\/v2\/pages\/324\/revisions"}],"predecessor-version":[{"id":326,"href":"https:\/\/www.stelldichein.at\/en\/wp-json\/wp\/v2\/pages\/324\/revisions\/326"}],"wp:attachment":[{"href":"https:\/\/www.stelldichein.at\/en\/wp-json\/wp\/v2\/media?parent=324"}],"curies":[{"name":"wp","href":"https:\/\/api.w.org\/{rel}","templated":true}]}}